{"id":92,"date":"2013-08-11T19:17:44","date_gmt":"2013-08-11T17:17:44","guid":{"rendered":"http:\/\/localhost:8888\/test\/?page_id=530"},"modified":"2025-08-04T14:59:11","modified_gmt":"2025-08-04T12:59:11","slug":"aktualnosci","status":"publish","type":"page","link":"https:\/\/bryk.com.pl?page_id=92","title":{"rendered":"Aktualno\u015bci"},"content":{"rendered":"\t\t<div data-elementor-type=\"wp-page\" data-elementor-id=\"92\" class=\"elementor elementor-92\">\n\t\t\t\t\t\t<section class=\"elementor-section elementor-top-section elementor-element elementor-element-1ef8e177 elementor-section-boxed elementor-section-height-default elementor-section-height-default\" data-id=\"1ef8e177\" data-element_type=\"section\">\n\t\t\t\t\t\t<div class=\"elementor-container elementor-column-gap-default\">\n\t\t\t\t\t<div class=\"elementor-column elementor-col-100 elementor-top-column elementor-element elementor-element-5ee0bc24\" data-id=\"5ee0bc24\" data-element_type=\"column\">\n\t\t\t<div class=\"elementor-widget-wrap elementor-element-populated\">\n\t\t\t\t\t\t<div class=\"elementor-element elementor-element-3e6ba58 elementor-widget elementor-widget-wp-widget-recent-posts\" data-id=\"3e6ba58\" data-element_type=\"widget\" data-widget_type=\"wp-widget-recent-posts.default\">\n\t\t\t\t<div class=\"elementor-widget-container\">\n\t\t\t\t\t\n\t\t\n\t\t<h5>Ostatnie wpisy<\/h5>\n\t\t<ul>\n\t\t\t\t\t\t\t\t\t\t\t<li>\n\t\t\t\t\t<a href=\"https:\/\/bryk.com.pl?p=51704\">Weso\u0142ych \u015awi\u0105t<\/a>\n\t\t\t\t\t\t\t\t\t<\/li>\n\t\t\t\t\t<\/ul>\n\n\t\t\t\t\t\t<\/div>\n\t\t\t\t<\/div>\n\t\t\t\t<div class=\"elementor-element elementor-element-28818c68 elementor-widget elementor-widget-text-editor\" data-id=\"28818c68\" data-element_type=\"widget\" data-widget_type=\"text-editor.default\">\n\t\t\t\t<div class=\"elementor-widget-container\">\n\t\t\t\t\t\t\t\t\t  <div class=\"banner-grid-wrapper\">\n  <div id=\"banner-grid-2145780445\" class=\"banner-grid row row-grid row-small\" data-packery-options=\"\">\n                      \n\n<div class=\"col grid-col large-6 grid-col-1\" ><div class=\"col-inner\">\n\n<\/div><\/div>\n\n            <\/div><!-- .banner-grid .row .grid -->\n    <style scope=\"scope\">\n    #banner-grid-2145780445 .grid-col-1{height: 30px}\n    #banner-grid-2145780445 .grid-col-1-2{height: 15px}\n    #banner-grid-2145780445 .grid-col-1-3{height:10px}\n    #banner-grid-2145780445 .grid-col-2-3{height: 20px}\n    #banner-grid-2145780445 .grid-col-1-4{height: 7.5px}\n    #banner-grid-2145780445 .grid-col-3-4{height: 22.5px}\n\n\n    \n    \n\n  <\/style>\n    <\/div><!-- .banner-grid-wrapper -->\n  \n\n  \n    <div class=\"row large-columns-3 medium-columns- small-columns-1 row-small has-shadow row-box-shadow-2\">\n  \t\t<div class=\"col post-item\" >\n\t\t\t<div class=\"col-inner\">\n\t\t\t<a href=\"https:\/\/bryk.com.pl?p=51704\" class=\"plain\">\n\t\t\t\t<div class=\"box box-text-bottom box-blog-post has-hover\">\n            \t\t\t\t\t<div class=\"box-image\" >\n  \t\t\t\t\t\t<div class=\"image-cover\" style=\"padding-top:180px;\">\n  \t\t\t\t\t\t\t<img fetchpriority=\"high\" decoding=\"async\" width=\"308\" height=\"400\" src=\"https:\/\/bryk.com.pl\/wp-content\/uploads\/2025\/12\/Projekt-bez-nazwy-2-4-308x400.png\" class=\"attachment-medium size-medium wp-post-image\" alt=\"\" srcset=\"https:\/\/bryk.com.pl\/wp-content\/uploads\/2025\/12\/Projekt-bez-nazwy-2-4-308x400.png 308w, https:\/\/bryk.com.pl\/wp-content\/uploads\/2025\/12\/Projekt-bez-nazwy-2-4-615x800.png 615w, https:\/\/bryk.com.pl\/wp-content\/uploads\/2025\/12\/Projekt-bez-nazwy-2-4-768x998.png 768w, https:\/\/bryk.com.pl\/wp-content\/uploads\/2025\/12\/Projekt-bez-nazwy-2-4-830x1079.png 830w, https:\/\/bryk.com.pl\/wp-content\/uploads\/2025\/12\/Projekt-bez-nazwy-2-4-510x663.png 510w, https:\/\/bryk.com.pl\/wp-content\/uploads\/2025\/12\/Projekt-bez-nazwy-2-4.png 1080w\" sizes=\"(max-width: 308px) 100vw, 308px\" \/>  \t\t\t\t\t\t\t  \t\t\t\t\t\t\t  \t\t\t\t\t\t<\/div>\n  \t\t\t\t\t\t  \t\t\t\t\t<\/div><!-- .box-image -->\n          \t\t\t\t\t<div class=\"box-text text-center\" >\n\t\t\t\t\t<div class=\"box-text-inner blog-post-inner\">\n\n\t\t\t\t\t\n\t\t\t\t\t\t\t\t\t\t<h5 class=\"post-title is-large \">Weso\u0142ych \u015awi\u0105t<\/h5>\n\t\t\t\t\t\t\t\t\t\t<div class=\"is-divider\"><\/div>\n\t\t\t\t\t\t\t\t\t\t<p class=\"from_the_blog_excerpt \">Szanowni Pa\u0144stwo,niech te \u015awi\u0119ta b\u0119d\u0105 czasem spokoju,a Nowy Rok \u2013 czasem precyzjiw dzia\u0142aniu i odwagi w marzeniach. Zesp\u00f3\u0142BRYK [&#8230;]\t\t\t\t\t<\/p>\n\t\t\t\t\t                    \n\t\t\t\t\t\n\t\t\t\t\t\n\t\t\t\t\t<\/div><!-- .box-text-inner -->\n\t\t\t\t\t<\/div><!-- .box-text -->\n\t\t\t\t\t\t\t\t\t\t\t\t\t\t\t\t<div class=\"badge absolute top post-date badge-square\">\n\t\t\t\t\t\t\t<div class=\"badge-inner\">\n\t\t\t\t\t\t\t\t<span class=\"post-date-day\">17<\/span><br>\n\t\t\t\t\t\t\t\t<span class=\"post-date-month is-xsmall\">gru<\/span>\n\t\t\t\t\t\t\t<\/div>\n\t\t\t\t\t\t<\/div>\n\t\t\t\t\t\t\t\t\t<\/div><!-- .box -->\n\t\t\t\t<\/a><!-- .link -->\n\t\t\t<\/div><!-- .col-inner -->\n\t\t<\/div><!-- .col -->\n\t\t<div class=\"col post-item\" >\n\t\t\t<div class=\"col-inner\">\n\t\t\t<a href=\"https:\/\/bryk.com.pl?p=51622\" class=\"plain\">\n\t\t\t\t<div class=\"box box-text-bottom box-blog-post has-hover\">\n            \t\t\t\t\t<div class=\"box-image\" >\n  \t\t\t\t\t\t<div class=\"image-cover\" style=\"padding-top:180px;\">\n  \t\t\t\t\t\t\t<img decoding=\"async\" width=\"800\" height=\"65\" src=\"https:\/\/bryk.com.pl\/wp-content\/uploads\/2025\/08\/image-800x65.png\" class=\"attachment-medium size-medium wp-post-image\" alt=\"\" srcset=\"https:\/\/bryk.com.pl\/wp-content\/uploads\/2025\/08\/image-800x65.png 800w, https:\/\/bryk.com.pl\/wp-content\/uploads\/2025\/08\/image-768x62.png 768w, https:\/\/bryk.com.pl\/wp-content\/uploads\/2025\/08\/image-830x67.png 830w, https:\/\/bryk.com.pl\/wp-content\/uploads\/2025\/08\/image-510x41.png 510w, https:\/\/bryk.com.pl\/wp-content\/uploads\/2025\/08\/image.png 1164w\" sizes=\"(max-width: 800px) 100vw, 800px\" \/>  \t\t\t\t\t\t\t  \t\t\t\t\t\t\t  \t\t\t\t\t\t<\/div>\n  \t\t\t\t\t\t  \t\t\t\t\t<\/div><!-- .box-image -->\n          \t\t\t\t\t<div class=\"box-text text-center\" >\n\t\t\t\t\t<div class=\"box-text-inner blog-post-inner\">\n\n\t\t\t\t\t\n\t\t\t\t\t\t\t\t\t\t<h5 class=\"post-title is-large \"><\/h5>\n\t\t\t\t\t\t\t\t\t\t<div class=\"is-divider\"><\/div>\n\t\t\t\t\t\t\t\t\t\t<p class=\"from_the_blog_excerpt \">Przedsi\u0119biorstwo BRYK Sp. z o.o. realizuje projekt pn. &#8222;Narz\u0119dzia w\u0119glikowe do obr\u00f3bki drewna i materia\u0142\u00f3w drewnopochodnych z innowacyjnymi pow\u0142okami&#8221; Cel projektu Celem projektu jest opracowanie narz\u0119dzi skrawaj\u0105cych do obr\u00f3bki drewna [&#8230;]\t\t\t\t\t<\/p>\n\t\t\t\t\t                    \n\t\t\t\t\t\n\t\t\t\t\t\n\t\t\t\t\t<\/div><!-- .box-text-inner -->\n\t\t\t\t\t<\/div><!-- .box-text -->\n\t\t\t\t\t\t\t\t\t\t\t\t\t\t\t\t<div class=\"badge absolute top post-date badge-square\">\n\t\t\t\t\t\t\t<div class=\"badge-inner\">\n\t\t\t\t\t\t\t\t<span class=\"post-date-day\">06<\/span><br>\n\t\t\t\t\t\t\t\t<span class=\"post-date-month is-xsmall\">sie<\/span>\n\t\t\t\t\t\t\t<\/div>\n\t\t\t\t\t\t<\/div>\n\t\t\t\t\t\t\t\t\t<\/div><!-- .box -->\n\t\t\t\t<\/a><!-- .link -->\n\t\t\t<\/div><!-- .col-inner -->\n\t\t<\/div><!-- .col -->\n\t\t<div class=\"col post-item\" >\n\t\t\t<div class=\"col-inner\">\n\t\t\t<a href=\"https:\/\/bryk.com.pl?p=51604\" class=\"plain\">\n\t\t\t\t<div class=\"box box-text-bottom box-blog-post has-hover\">\n            \t\t\t\t\t<div class=\"box-image\" >\n  \t\t\t\t\t\t<div class=\"image-cover\" style=\"padding-top:180px;\">\n  \t\t\t\t\t\t\t<img decoding=\"async\" width=\"533\" height=\"400\" src=\"https:\/\/bryk.com.pl\/wp-content\/uploads\/2025\/08\/DREMA_aktualnosci_www_9_-_12_wrzesnia_2025-533x400.png\" class=\"attachment-medium size-medium wp-post-image\" alt=\"\" srcset=\"https:\/\/bryk.com.pl\/wp-content\/uploads\/2025\/08\/DREMA_aktualnosci_www_9_-_12_wrzesnia_2025-533x400.png 533w, https:\/\/bryk.com.pl\/wp-content\/uploads\/2025\/08\/DREMA_aktualnosci_www_9_-_12_wrzesnia_2025-1066x800.png 1066w, https:\/\/bryk.com.pl\/wp-content\/uploads\/2025\/08\/DREMA_aktualnosci_www_9_-_12_wrzesnia_2025-768x576.png 768w, https:\/\/bryk.com.pl\/wp-content\/uploads\/2025\/08\/DREMA_aktualnosci_www_9_-_12_wrzesnia_2025-1536x1152.png 1536w, https:\/\/bryk.com.pl\/wp-content\/uploads\/2025\/08\/DREMA_aktualnosci_www_9_-_12_wrzesnia_2025-2048x1536.png 2048w, https:\/\/bryk.com.pl\/wp-content\/uploads\/2025\/08\/DREMA_aktualnosci_www_9_-_12_wrzesnia_2025-830x623.png 830w, https:\/\/bryk.com.pl\/wp-content\/uploads\/2025\/08\/DREMA_aktualnosci_www_9_-_12_wrzesnia_2025-510x383.png 510w\" sizes=\"(max-width: 533px) 100vw, 533px\" \/>  \t\t\t\t\t\t\t  \t\t\t\t\t\t\t  \t\t\t\t\t\t<\/div>\n  \t\t\t\t\t\t  \t\t\t\t\t<\/div><!-- .box-image -->\n          \t\t\t\t\t<div class=\"box-text text-center\" >\n\t\t\t\t\t<div class=\"box-text-inner blog-post-inner\">\n\n\t\t\t\t\t\n\t\t\t\t\t\t\t\t\t\t<h5 class=\"post-title is-large \">Zapraszamy na targi DREMA 2025 \u2013 zobacz nasze nowe rozwi\u0105zania!<\/h5>\n\t\t\t\t\t\t\t\t\t\t<div class=\"is-divider\"><\/div>\n\t\t\t\t\t\t\t\t\t\t<p class=\"from_the_blog_excerpt \">W dniach 9\u201312 wrze\u015bnia 2025 r. b\u0119dziemy obecni na Mi\u0119dzynarodowych Targach DREMA w Poznaniu \u2013 jednym z najwa\u017cniejszych wydarze\u0144 dla bran\u017cy drzewnej, meblarskiej i narz\u0119dziowej w Polsce. Znajdziecie nas w [&#8230;]\t\t\t\t\t<\/p>\n\t\t\t\t\t                    \n\t\t\t\t\t\n\t\t\t\t\t\n\t\t\t\t\t<\/div><!-- .box-text-inner -->\n\t\t\t\t\t<\/div><!-- .box-text -->\n\t\t\t\t\t\t\t\t\t\t\t\t\t\t\t\t<div class=\"badge absolute top post-date badge-square\">\n\t\t\t\t\t\t\t<div class=\"badge-inner\">\n\t\t\t\t\t\t\t\t<span class=\"post-date-day\">04<\/span><br>\n\t\t\t\t\t\t\t\t<span class=\"post-date-month is-xsmall\">sie<\/span>\n\t\t\t\t\t\t\t<\/div>\n\t\t\t\t\t\t<\/div>\n\t\t\t\t\t\t\t\t\t<\/div><!-- .box -->\n\t\t\t\t<\/a><!-- .link -->\n\t\t\t<\/div><!-- .col-inner -->\n\t\t<\/div><!-- .col -->\n\t\t<div class=\"col post-item\" >\n\t\t\t<div class=\"col-inner\">\n\t\t\t<a href=\"https:\/\/bryk.com.pl?p=51047\" class=\"plain\">\n\t\t\t\t<div class=\"box box-text-bottom box-blog-post has-hover\">\n            \t\t\t\t\t<div class=\"box-image\" >\n  \t\t\t\t\t\t<div class=\"image-cover\" style=\"padding-top:180px;\">\n  \t\t\t\t\t\t\t<img loading=\"lazy\" decoding=\"async\" width=\"533\" height=\"400\" src=\"https:\/\/bryk.com.pl\/wp-content\/uploads\/2023\/10\/Powloka-Rocket-R-533x400.png\" class=\"attachment-medium size-medium wp-post-image\" alt=\"\" srcset=\"https:\/\/bryk.com.pl\/wp-content\/uploads\/2023\/10\/Powloka-Rocket-R-533x400.png 533w, https:\/\/bryk.com.pl\/wp-content\/uploads\/2023\/10\/Powloka-Rocket-R-1066x800.png 1066w, https:\/\/bryk.com.pl\/wp-content\/uploads\/2023\/10\/Powloka-Rocket-R-768x576.png 768w, https:\/\/bryk.com.pl\/wp-content\/uploads\/2023\/10\/Powloka-Rocket-R-1536x1152.png 1536w, https:\/\/bryk.com.pl\/wp-content\/uploads\/2023\/10\/Powloka-Rocket-R-2048x1536.png 2048w, https:\/\/bryk.com.pl\/wp-content\/uploads\/2023\/10\/Powloka-Rocket-R-830x623.png 830w, https:\/\/bryk.com.pl\/wp-content\/uploads\/2023\/10\/Powloka-Rocket-R-510x383.png 510w\" sizes=\"(max-width: 533px) 100vw, 533px\" \/>  \t\t\t\t\t\t\t  \t\t\t\t\t\t\t  \t\t\t\t\t\t<\/div>\n  \t\t\t\t\t\t  \t\t\t\t\t<\/div><!-- .box-image -->\n          \t\t\t\t\t<div class=\"box-text text-center\" >\n\t\t\t\t\t<div class=\"box-text-inner blog-post-inner\">\n\n\t\t\t\t\t\n\t\t\t\t\t\t\t\t\t\t<h5 class=\"post-title is-large \">ROCKET &#8211; R: zapewnia doskona\u0142\u0105 stabilno\u015b\u0107 termiczn\u0105 oraz odporno\u015b\u0107 na utlenianie i zu\u017cycie<\/h5>\n\t\t\t\t\t\t\t\t\t\t<div class=\"is-divider\"><\/div>\n\t\t\t\t\t\t\t\t\t\t<p class=\"from_the_blog_excerpt \">Wysokiej klasy pow\u0142oka PVD, kt\u00f3ra zapewnia wysok\u0105 stabilno\u015b\u0107 termiczn\u0105, wyj\u0105tkow\u0105 odporno\u015b\u0107 na zu\u017cycie \u015bcierne oraz ma\u0142\u0105 adhezj\u0119 materia\u0142u obrabianego. Dzi\u0119ki tym cechom idealnie nadaje si\u0119 do obr\u00f3bki trudnoobrabialnych materia\u0142\u00f3w. WYJ\u0104TKOWE [&#8230;]\t\t\t\t\t<\/p>\n\t\t\t\t\t                    \n\t\t\t\t\t\n\t\t\t\t\t\n\t\t\t\t\t<\/div><!-- .box-text-inner -->\n\t\t\t\t\t<\/div><!-- .box-text -->\n\t\t\t\t\t\t\t\t\t\t\t\t\t\t\t\t<div class=\"badge absolute top post-date badge-square\">\n\t\t\t\t\t\t\t<div class=\"badge-inner\">\n\t\t\t\t\t\t\t\t<span class=\"post-date-day\">05<\/span><br>\n\t\t\t\t\t\t\t\t<span class=\"post-date-month is-xsmall\">pa\u017a<\/span>\n\t\t\t\t\t\t\t<\/div>\n\t\t\t\t\t\t<\/div>\n\t\t\t\t\t\t\t\t\t<\/div><!-- .box -->\n\t\t\t\t<\/a><!-- .link -->\n\t\t\t<\/div><!-- .col-inner -->\n\t\t<\/div><!-- .col -->\n\t\t<div class=\"col post-item\" >\n\t\t\t<div class=\"col-inner\">\n\t\t\t<a href=\"https:\/\/bryk.com.pl?p=49697\" class=\"plain\">\n\t\t\t\t<div class=\"box box-text-bottom box-blog-post has-hover\">\n            \t\t\t\t\t<div class=\"box-image\" >\n  \t\t\t\t\t\t<div class=\"image-cover\" style=\"padding-top:180px;\">\n  \t\t\t\t\t\t\t<img loading=\"lazy\" decoding=\"async\" width=\"800\" height=\"400\" src=\"https:\/\/bryk.com.pl\/wp-content\/uploads\/2023\/01\/Business-Banner-www-1-800x400.png\" class=\"attachment-medium size-medium wp-post-image\" alt=\"\" srcset=\"https:\/\/bryk.com.pl\/wp-content\/uploads\/2023\/01\/Business-Banner-www-1-800x400.png 800w, https:\/\/bryk.com.pl\/wp-content\/uploads\/2023\/01\/Business-Banner-www-1-1400x700.png 1400w, https:\/\/bryk.com.pl\/wp-content\/uploads\/2023\/01\/Business-Banner-www-1-768x384.png 768w, https:\/\/bryk.com.pl\/wp-content\/uploads\/2023\/01\/Business-Banner-www-1-1536x768.png 1536w, https:\/\/bryk.com.pl\/wp-content\/uploads\/2023\/01\/Business-Banner-www-1-2048x1024.png 2048w, https:\/\/bryk.com.pl\/wp-content\/uploads\/2023\/01\/Business-Banner-www-1-830x415.png 830w, https:\/\/bryk.com.pl\/wp-content\/uploads\/2023\/01\/Business-Banner-www-1-510x255.png 510w\" sizes=\"(max-width: 800px) 100vw, 800px\" \/>  \t\t\t\t\t\t\t  \t\t\t\t\t\t\t  \t\t\t\t\t\t<\/div>\n  \t\t\t\t\t\t  \t\t\t\t\t<\/div><!-- .box-image -->\n          \t\t\t\t\t<div class=\"box-text text-center\" >\n\t\t\t\t\t<div class=\"box-text-inner blog-post-inner\">\n\n\t\t\t\t\t\n\t\t\t\t\t\t\t\t\t\t<h5 class=\"post-title is-large \">Japo\u0144ska precyzja narz\u0119dzi Kanefusa<\/h5>\n\t\t\t\t\t\t\t\t\t\t<div class=\"is-divider\"><\/div>\n\t\t\t\t\t\t\t\t\t\t<p class=\"from_the_blog_excerpt \">Ka\u017cdy z nas doskonale zdaje sobie spraw\u0119, \u017ce d\u0142ugie \u017cycie ka\u017cdego urz\u0105dzenia to du\u017ce, wymierne oszcz\u0119dno\u015bci dla ka\u017cdego przedsi\u0119biorstwa. Z takiej \u201e\u017cywotno\u015bci\u201d wr\u0119cz s\u0142yn\u0105 produkty japo\u0144skiej firmy Kanefusa, narz\u0119dzi dedykowanych [&#8230;]\t\t\t\t\t<\/p>\n\t\t\t\t\t                    \n\t\t\t\t\t\n\t\t\t\t\t\n\t\t\t\t\t<\/div><!-- .box-text-inner -->\n\t\t\t\t\t<\/div><!-- .box-text -->\n\t\t\t\t\t\t\t\t\t\t\t\t\t\t\t\t<div class=\"badge absolute top post-date badge-square\">\n\t\t\t\t\t\t\t<div class=\"badge-inner\">\n\t\t\t\t\t\t\t\t<span class=\"post-date-day\">17<\/span><br>\n\t\t\t\t\t\t\t\t<span class=\"post-date-month is-xsmall\">sty<\/span>\n\t\t\t\t\t\t\t<\/div>\n\t\t\t\t\t\t<\/div>\n\t\t\t\t\t\t\t\t\t<\/div><!-- .box -->\n\t\t\t\t<\/a><!-- .link -->\n\t\t\t<\/div><!-- .col-inner -->\n\t\t<\/div><!-- .col -->\n\t\t<div class=\"col post-item\" >\n\t\t\t<div class=\"col-inner\">\n\t\t\t<a href=\"https:\/\/bryk.com.pl?p=3869\" class=\"plain\">\n\t\t\t\t<div class=\"box box-text-bottom box-blog-post has-hover\">\n            \t\t\t\t\t<div class=\"box-image\" >\n  \t\t\t\t\t\t<div class=\"image-cover\" style=\"padding-top:180px;\">\n  \t\t\t\t\t\t\t<img loading=\"lazy\" decoding=\"async\" width=\"800\" height=\"389\" src=\"https:\/\/bryk.com.pl\/wp-content\/uploads\/2020\/09\/baner_sklep-800x389.jpg\" class=\"attachment-medium size-medium wp-post-image\" alt=\"\" srcset=\"https:\/\/bryk.com.pl\/wp-content\/uploads\/2020\/09\/baner_sklep-800x389.jpg 800w, https:\/\/bryk.com.pl\/wp-content\/uploads\/2020\/09\/baner_sklep-1400x680.jpg 1400w, https:\/\/bryk.com.pl\/wp-content\/uploads\/2020\/09\/baner_sklep-768x373.jpg 768w, https:\/\/bryk.com.pl\/wp-content\/uploads\/2020\/09\/baner_sklep-1536x746.jpg 1536w, https:\/\/bryk.com.pl\/wp-content\/uploads\/2020\/09\/baner_sklep-2048x995.jpg 2048w, https:\/\/bryk.com.pl\/wp-content\/uploads\/2020\/09\/baner_sklep-830x403.jpg 830w, https:\/\/bryk.com.pl\/wp-content\/uploads\/2020\/09\/baner_sklep-510x248.jpg 510w\" sizes=\"(max-width: 800px) 100vw, 800px\" \/>  \t\t\t\t\t\t\t  \t\t\t\t\t\t\t  \t\t\t\t\t\t<\/div>\n  \t\t\t\t\t\t  \t\t\t\t\t<\/div><!-- .box-image -->\n          \t\t\t\t\t<div class=\"box-text text-center\" >\n\t\t\t\t\t<div class=\"box-text-inner blog-post-inner\">\n\n\t\t\t\t\t\n\t\t\t\t\t\t\t\t\t\t<h5 class=\"post-title is-large \">ODKRYJ NOWY WYMIAR WSP\u00d3\u0141PRACY!<\/h5>\n\t\t\t\t\t\t\t\t\t\t<div class=\"is-divider\"><\/div>\n\t\t\t\t\t\t\t\t\t\t<p class=\"from_the_blog_excerpt \">Drodzy Klienci, wychodz\u0105c naprzeciw Waszym potrzebom i oczekiwaniom pragniemy Was poinformowa\u0107, \u017ce wprowadzili\u015bmy na sta\u0142e do naszej oferty us\u0142ugi takie jak: procesy niklowania, piaskowanie, dr\u0105\u017cenie, lutowanie, toczenie oraz frezowanie. Poznaj [&#8230;]\t\t\t\t\t<\/p>\n\t\t\t\t\t                    \n\t\t\t\t\t\n\t\t\t\t\t\n\t\t\t\t\t<\/div><!-- .box-text-inner -->\n\t\t\t\t\t<\/div><!-- .box-text -->\n\t\t\t\t\t\t\t\t\t\t\t\t\t\t\t\t<div class=\"badge absolute top post-date badge-square\">\n\t\t\t\t\t\t\t<div class=\"badge-inner\">\n\t\t\t\t\t\t\t\t<span class=\"post-date-day\">26<\/span><br>\n\t\t\t\t\t\t\t\t<span class=\"post-date-month is-xsmall\">sty<\/span>\n\t\t\t\t\t\t\t<\/div>\n\t\t\t\t\t\t<\/div>\n\t\t\t\t\t\t\t\t\t<\/div><!-- .box -->\n\t\t\t\t<\/a><!-- .link -->\n\t\t\t<\/div><!-- .col-inner -->\n\t\t<\/div><!-- .col -->\n\t\t<div class=\"col post-item\" >\n\t\t\t<div class=\"col-inner\">\n\t\t\t<a href=\"https:\/\/bryk.com.pl?p=3616\" class=\"plain\">\n\t\t\t\t<div class=\"box box-text-bottom box-blog-post has-hover\">\n            \t\t\t\t\t<div class=\"box-image\" >\n  \t\t\t\t\t\t<div class=\"image-cover\" style=\"padding-top:180px;\">\n  \t\t\t\t\t\t\t<img loading=\"lazy\" decoding=\"async\" width=\"300\" height=\"400\" src=\"https:\/\/bryk.com.pl\/wp-content\/uploads\/2019\/11\/kongres_590_8-300x400.jpg\" class=\"attachment-medium size-medium wp-post-image\" alt=\"kongres2\" srcset=\"https:\/\/bryk.com.pl\/wp-content\/uploads\/2019\/11\/kongres_590_8-300x400.jpg 300w, https:\/\/bryk.com.pl\/wp-content\/uploads\/2019\/11\/kongres_590_8-600x800.jpg 600w, https:\/\/bryk.com.pl\/wp-content\/uploads\/2019\/11\/kongres_590_8-510x680.jpg 510w, https:\/\/bryk.com.pl\/wp-content\/uploads\/2019\/11\/kongres_590_8.jpg 750w\" sizes=\"(max-width: 300px) 100vw, 300px\" \/>  \t\t\t\t\t\t\t  \t\t\t\t\t\t\t  \t\t\t\t\t\t<\/div>\n  \t\t\t\t\t\t  \t\t\t\t\t<\/div><!-- .box-image -->\n          \t\t\t\t\t<div class=\"box-text text-center\" >\n\t\t\t\t\t<div class=\"box-text-inner blog-post-inner\">\n\n\t\t\t\t\t\n\t\t\t\t\t\t\t\t\t\t<h5 class=\"post-title is-large \">Prezes Witold Bryk Menad\u017cerem Roku 2019<\/h5>\n\t\t\t\t\t\t\t\t\t\t<div class=\"is-divider\"><\/div>\n\t\t\t\t\t\t\t\t\t\t<p class=\"from_the_blog_excerpt \">Co nam przyniesie 2020? To wszystko przed nami, a my mamy czym si\u0119 pochwali\u0107 w minionym 2019! 28 listopada w Sali Kongresowej Centrum Kongresowo-Wystawienniczego Wojew\u00f3dztwa Podkarpackiego G2A Arena w Jasionce [&#8230;]\t\t\t\t\t<\/p>\n\t\t\t\t\t                    \n\t\t\t\t\t\n\t\t\t\t\t\n\t\t\t\t\t<\/div><!-- .box-text-inner -->\n\t\t\t\t\t<\/div><!-- .box-text -->\n\t\t\t\t\t\t\t\t\t\t\t\t\t\t\t\t<div class=\"badge absolute top post-date badge-square\">\n\t\t\t\t\t\t\t<div class=\"badge-inner\">\n\t\t\t\t\t\t\t\t<span class=\"post-date-day\">21<\/span><br>\n\t\t\t\t\t\t\t\t<span class=\"post-date-month is-xsmall\">sty<\/span>\n\t\t\t\t\t\t\t<\/div>\n\t\t\t\t\t\t<\/div>\n\t\t\t\t\t\t\t\t\t<\/div><!-- .box -->\n\t\t\t\t<\/a><!-- .link -->\n\t\t\t<\/div><!-- .col-inner -->\n\t\t<\/div><!-- .col -->\n\t\t<div class=\"col post-item\" >\n\t\t\t<div class=\"col-inner\">\n\t\t\t<a href=\"https:\/\/bryk.com.pl?p=3584\" class=\"plain\">\n\t\t\t\t<div class=\"box box-text-bottom box-blog-post has-hover\">\n            \t\t\t\t\t<div class=\"box-image\" >\n  \t\t\t\t\t\t<div class=\"image-cover\" style=\"padding-top:180px;\">\n  \t\t\t\t\t\t\t<img loading=\"lazy\" decoding=\"async\" width=\"533\" height=\"400\" src=\"https:\/\/bryk.com.pl\/wp-content\/uploads\/2019\/11\/kongres_590_7-533x400.jpg\" class=\"attachment-medium size-medium wp-post-image\" alt=\"kongres3\" srcset=\"https:\/\/bryk.com.pl\/wp-content\/uploads\/2019\/11\/kongres_590_7-533x400.jpg 533w, https:\/\/bryk.com.pl\/wp-content\/uploads\/2019\/11\/kongres_590_7-768x576.jpg 768w, https:\/\/bryk.com.pl\/wp-content\/uploads\/2019\/11\/kongres_590_7-830x623.jpg 830w, https:\/\/bryk.com.pl\/wp-content\/uploads\/2019\/11\/kongres_590_7-510x383.jpg 510w, https:\/\/bryk.com.pl\/wp-content\/uploads\/2019\/11\/kongres_590_7.jpg 1000w\" sizes=\"(max-width: 533px) 100vw, 533px\" \/>  \t\t\t\t\t\t\t  \t\t\t\t\t\t\t  \t\t\t\t\t\t<\/div>\n  \t\t\t\t\t\t  \t\t\t\t\t<\/div><!-- .box-image -->\n          \t\t\t\t\t<div class=\"box-text text-center\" >\n\t\t\t\t\t<div class=\"box-text-inner blog-post-inner\">\n\n\t\t\t\t\t\n\t\t\t\t\t\t\t\t\t\t<h5 class=\"post-title is-large \">Nominacja do Nagrody Gospodarczej Prezydenta RP.<\/h5>\n\t\t\t\t\t\t\t\t\t\t<div class=\"is-divider\"><\/div>\n\t\t\t\t\t\t\t\t\t\t<p class=\"from_the_blog_excerpt \">W dniach 7-8 pa\u017adziernika 2019r. w Jasionce k. Rzeszowa odby\u0142 si\u0119 Kongres 590. Jest to spotkanie lider\u00f3w biznesu, nauki i opinii publicznej. Tym bardziej wyj\u0105tkowe, \u017ce patronuj\u0105 mu i wspieraj\u0105 [&#8230;]\t\t\t\t\t<\/p>\n\t\t\t\t\t                    \n\t\t\t\t\t\n\t\t\t\t\t\n\t\t\t\t\t<\/div><!-- .box-text-inner -->\n\t\t\t\t\t<\/div><!-- .box-text -->\n\t\t\t\t\t\t\t\t\t\t\t\t\t\t\t\t<div class=\"badge absolute top post-date badge-square\">\n\t\t\t\t\t\t\t<div class=\"badge-inner\">\n\t\t\t\t\t\t\t\t<span class=\"post-date-day\">02<\/span><br>\n\t\t\t\t\t\t\t\t<span class=\"post-date-month is-xsmall\">lis<\/span>\n\t\t\t\t\t\t\t<\/div>\n\t\t\t\t\t\t<\/div>\n\t\t\t\t\t\t\t\t\t<\/div><!-- .box -->\n\t\t\t\t<\/a><!-- .link -->\n\t\t\t<\/div><!-- .col-inner -->\n\t\t<\/div><!-- .col -->\n\t\t<div class=\"col post-item\" >\n\t\t\t<div class=\"col-inner\">\n\t\t\t<a href=\"https:\/\/bryk.com.pl?p=3566\" class=\"plain\">\n\t\t\t\t<div class=\"box box-text-bottom box-blog-post has-hover\">\n            \t\t\t\t\t<div class=\"box-image\" >\n  \t\t\t\t\t\t<div class=\"image-cover\" style=\"padding-top:180px;\">\n  \t\t\t\t\t\t\t<img loading=\"lazy\" decoding=\"async\" width=\"800\" height=\"389\" src=\"https:\/\/bryk.com.pl\/wp-content\/uploads\/2019\/10\/toolex_4-800x389.jpg\" class=\"attachment-medium size-medium wp-post-image\" alt=\"narzedzia1\" srcset=\"https:\/\/bryk.com.pl\/wp-content\/uploads\/2019\/10\/toolex_4-800x389.jpg 800w, https:\/\/bryk.com.pl\/wp-content\/uploads\/2019\/10\/toolex_4-768x373.jpg 768w, https:\/\/bryk.com.pl\/wp-content\/uploads\/2019\/10\/toolex_4-1400x680.jpg 1400w, https:\/\/bryk.com.pl\/wp-content\/uploads\/2019\/10\/toolex_4-830x403.jpg 830w, https:\/\/bryk.com.pl\/wp-content\/uploads\/2019\/10\/toolex_4-510x248.jpg 510w, https:\/\/bryk.com.pl\/wp-content\/uploads\/2019\/10\/toolex_4-e1572601870339.jpg 1200w\" sizes=\"(max-width: 800px) 100vw, 800px\" \/>  \t\t\t\t\t\t\t  \t\t\t\t\t\t\t  \t\t\t\t\t\t<\/div>\n  \t\t\t\t\t\t  \t\t\t\t\t<\/div><!-- .box-image -->\n          \t\t\t\t\t<div class=\"box-text text-center\" >\n\t\t\t\t\t<div class=\"box-text-inner blog-post-inner\">\n\n\t\t\t\t\t\n\t\t\t\t\t\t\t\t\t\t<h5 class=\"post-title is-large \">1-3 pa\u017adziernik 2019r. Targi TOOLEX.<\/h5>\n\t\t\t\t\t\t\t\t\t\t<div class=\"is-divider\"><\/div>\n\t\t\t\t\t\t\t\t\t\t<p class=\"from_the_blog_excerpt \">W dniach 1-3 pa\u017adziernik 2019r. mialy miejsce Mi\u0119dzynarodowe Targi Obrabiarek, Narz\u0119dzi i Technologii Obr\u00f3bki TOOLEX 2019 w Sosnowcu. T\u0142um odwiedzaj\u0105cych \u015bwiadczy\u0142 o rosn\u0105cej popularno\u015bci i rozwoju tej bran\u017cy. Nie da [&#8230;]\t\t\t\t\t<\/p>\n\t\t\t\t\t                    \n\t\t\t\t\t\n\t\t\t\t\t\n\t\t\t\t\t<\/div><!-- .box-text-inner -->\n\t\t\t\t\t<\/div><!-- .box-text -->\n\t\t\t\t\t\t\t\t\t\t\t\t\t\t\t\t<div class=\"badge absolute top post-date badge-square\">\n\t\t\t\t\t\t\t<div class=\"badge-inner\">\n\t\t\t\t\t\t\t\t<span class=\"post-date-day\">28<\/span><br>\n\t\t\t\t\t\t\t\t<span class=\"post-date-month is-xsmall\">pa\u017a<\/span>\n\t\t\t\t\t\t\t<\/div>\n\t\t\t\t\t\t<\/div>\n\t\t\t\t\t\t\t\t\t<\/div><!-- .box -->\n\t\t\t\t<\/a><!-- .link -->\n\t\t\t<\/div><!-- .col-inner -->\n\t\t<\/div><!-- .col -->\n\t\t<div class=\"col post-item\" >\n\t\t\t<div class=\"col-inner\">\n\t\t\t<a href=\"https:\/\/bryk.com.pl?p=3543\" class=\"plain\">\n\t\t\t\t<div class=\"box box-text-bottom box-blog-post has-hover\">\n            \t\t\t\t\t<div class=\"box-image\" >\n  \t\t\t\t\t\t<div class=\"image-cover\" style=\"padding-top:180px;\">\n  \t\t\t\t\t\t\t<img loading=\"lazy\" decoding=\"async\" width=\"533\" height=\"400\" src=\"https:\/\/bryk.com.pl\/wp-content\/uploads\/2019\/10\/drema_2019-533x400.jpg\" class=\"attachment-medium size-medium wp-post-image\" alt=\"drema2019\" srcset=\"https:\/\/bryk.com.pl\/wp-content\/uploads\/2019\/10\/drema_2019-533x400.jpg 533w, https:\/\/bryk.com.pl\/wp-content\/uploads\/2019\/10\/drema_2019-768x576.jpg 768w, https:\/\/bryk.com.pl\/wp-content\/uploads\/2019\/10\/drema_2019-1066x800.jpg 1066w, https:\/\/bryk.com.pl\/wp-content\/uploads\/2019\/10\/drema_2019-830x623.jpg 830w, https:\/\/bryk.com.pl\/wp-content\/uploads\/2019\/10\/drema_2019-510x383.jpg 510w, https:\/\/bryk.com.pl\/wp-content\/uploads\/2019\/10\/drema_2019.jpg 1199w\" sizes=\"(max-width: 533px) 100vw, 533px\" \/>  \t\t\t\t\t\t\t  \t\t\t\t\t\t\t  \t\t\t\t\t\t<\/div>\n  \t\t\t\t\t\t  \t\t\t\t\t<\/div><!-- .box-image -->\n          \t\t\t\t\t<div class=\"box-text text-center\" >\n\t\t\t\t\t<div class=\"box-text-inner blog-post-inner\">\n\n\t\t\t\t\t\n\t\t\t\t\t\t\t\t\t\t<h5 class=\"post-title is-large \">Targi DREMA 2019<\/h5>\n\t\t\t\t\t\t\t\t\t\t<div class=\"is-divider\"><\/div>\n\t\t\t\t\t\t\t\t\t\t<p class=\"from_the_blog_excerpt \">W dniach 10-13 wrzesie\u0144 firma BRYK wzi\u0119\u0142a udzia\u0142 w Targach Przemys\u0142u Drzewnego DREMA w Poznaniu. To by\u0142y 4 intensywne dni spotka\u0144 z dotychczasowymi oraz potencjalnymi klientami. Podczas Targ\u00f3w nasze stoisko [&#8230;]\t\t\t\t\t<\/p>\n\t\t\t\t\t                    \n\t\t\t\t\t\n\t\t\t\t\t\n\t\t\t\t\t<\/div><!-- .box-text-inner -->\n\t\t\t\t\t<\/div><!-- .box-text -->\n\t\t\t\t\t\t\t\t\t\t\t\t\t\t\t\t<div class=\"badge absolute top post-date badge-square\">\n\t\t\t\t\t\t\t<div class=\"badge-inner\">\n\t\t\t\t\t\t\t\t<span class=\"post-date-day\">21<\/span><br>\n\t\t\t\t\t\t\t\t<span class=\"post-date-month is-xsmall\">pa\u017a<\/span>\n\t\t\t\t\t\t\t<\/div>\n\t\t\t\t\t\t<\/div>\n\t\t\t\t\t\t\t\t\t<\/div><!-- .box -->\n\t\t\t\t<\/a><!-- .link -->\n\t\t\t<\/div><!-- .col-inner -->\n\t\t<\/div><!-- .col -->\n\t\t<div class=\"col post-item\" >\n\t\t\t<div class=\"col-inner\">\n\t\t\t<a href=\"https:\/\/bryk.com.pl?p=3231\" class=\"plain\">\n\t\t\t\t<div class=\"box box-text-bottom box-blog-post has-hover\">\n            \t\t\t\t\t<div class=\"box-image\" >\n  \t\t\t\t\t\t<div class=\"image-cover\" style=\"padding-top:180px;\">\n  \t\t\t\t\t\t\t<img loading=\"lazy\" decoding=\"async\" width=\"624\" height=\"400\" src=\"https:\/\/bryk.com.pl\/wp-content\/uploads\/2019\/02\/dobre_bo_polskie_Bryk-TVS-624x400.jpeg\" class=\"attachment-medium size-medium wp-post-image\" alt=\"Bryk\" srcset=\"https:\/\/bryk.com.pl\/wp-content\/uploads\/2019\/02\/dobre_bo_polskie_Bryk-TVS-624x400.jpeg 624w, https:\/\/bryk.com.pl\/wp-content\/uploads\/2019\/02\/dobre_bo_polskie_Bryk-TVS-768x492.jpeg 768w, https:\/\/bryk.com.pl\/wp-content\/uploads\/2019\/02\/dobre_bo_polskie_Bryk-TVS-510x327.jpeg 510w, https:\/\/bryk.com.pl\/wp-content\/uploads\/2019\/02\/dobre_bo_polskie_Bryk-TVS.jpeg 780w\" sizes=\"(max-width: 624px) 100vw, 624px\" \/>  \t\t\t\t\t\t\t  \t\t\t\t\t\t\t  \t\t\t\t\t\t<\/div>\n  \t\t\t\t\t\t  \t\t\t\t\t<\/div><!-- .box-image -->\n          \t\t\t\t\t<div class=\"box-text text-center\" >\n\t\t\t\t\t<div class=\"box-text-inner blog-post-inner\">\n\n\t\t\t\t\t\n\t\t\t\t\t\t\t\t\t\t<h5 class=\"post-title is-large \">Dobre narz\u0119dzia to podstawa!<\/h5>\n\t\t\t\t\t\t\t\t\t\t<div class=\"is-divider\"><\/div>\n\t\t\t\t\t\t\t\t\t\t<p class=\"from_the_blog_excerpt \">W miesi\u0105cu styczniu\u00a0na antenie telewizji regionalnej TVS zosta\u0142 wyemitowany trzykrotnie film o naszej firmie w bardzo presti\u017cowym cyklu \u201ePolskie znaczy dobre\u201d. Programy te opowiadaj\u0105 o polskich firmach kt\u00f3re tworz\u0105 w\u0142asn\u0105 [&#8230;]\t\t\t\t\t<\/p>\n\t\t\t\t\t                    \n\t\t\t\t\t\n\t\t\t\t\t\n\t\t\t\t\t<\/div><!-- .box-text-inner -->\n\t\t\t\t\t<\/div><!-- .box-text -->\n\t\t\t\t\t\t\t\t\t\t\t\t\t\t\t\t<div class=\"badge absolute top post-date badge-square\">\n\t\t\t\t\t\t\t<div class=\"badge-inner\">\n\t\t\t\t\t\t\t\t<span class=\"post-date-day\">04<\/span><br>\n\t\t\t\t\t\t\t\t<span class=\"post-date-month is-xsmall\">lut<\/span>\n\t\t\t\t\t\t\t<\/div>\n\t\t\t\t\t\t<\/div>\n\t\t\t\t\t\t\t\t\t<\/div><!-- .box -->\n\t\t\t\t<\/a><!-- .link -->\n\t\t\t<\/div><!-- .col-inner -->\n\t\t<\/div><!-- .col -->\n\t\t<div class=\"col post-item\" >\n\t\t\t<div class=\"col-inner\">\n\t\t\t<a href=\"https:\/\/bryk.com.pl?p=3176\" class=\"plain\">\n\t\t\t\t<div class=\"box box-text-bottom box-blog-post has-hover\">\n            \t\t\t\t\t<div class=\"box-image\" >\n  \t\t\t\t\t\t<div class=\"image-cover\" style=\"padding-top:180px;\">\n  \t\t\t\t\t\t\t<img loading=\"lazy\" decoding=\"async\" width=\"602\" height=\"400\" src=\"https:\/\/bryk.com.pl\/wp-content\/uploads\/2018\/10\/png-602x400.jpg\" class=\"attachment-medium size-medium wp-post-image\" alt=\"WBryk odbiera dyplom\" srcset=\"https:\/\/bryk.com.pl\/wp-content\/uploads\/2018\/10\/png-602x400.jpg 602w, https:\/\/bryk.com.pl\/wp-content\/uploads\/2018\/10\/png-768x510.jpg 768w, https:\/\/bryk.com.pl\/wp-content\/uploads\/2018\/10\/png-1204x800.jpg 1204w, https:\/\/bryk.com.pl\/wp-content\/uploads\/2018\/10\/png-830x551.jpg 830w, https:\/\/bryk.com.pl\/wp-content\/uploads\/2018\/10\/png-510x339.jpg 510w, https:\/\/bryk.com.pl\/wp-content\/uploads\/2018\/10\/png.jpg 1900w\" sizes=\"(max-width: 602px) 100vw, 602px\" \/>  \t\t\t\t\t\t\t  \t\t\t\t\t\t\t  \t\t\t\t\t\t<\/div>\n  \t\t\t\t\t\t  \t\t\t\t\t<\/div><!-- .box-image -->\n          \t\t\t\t\t<div class=\"box-text text-center\" >\n\t\t\t\t\t<div class=\"box-text-inner blog-post-inner\">\n\n\t\t\t\t\t\n\t\t\t\t\t\t\t\t\t\t<h5 class=\"post-title is-large \">Podkarpacka Nagroda Gospodarcza 2018<\/h5>\n\t\t\t\t\t\t\t\t\t\t<div class=\"is-divider\"><\/div>\n\t\t\t\t\t\t\t\t\t\t<p class=\"from_the_blog_excerpt \">18 pa\u017adziernika w Sali Kongresowej G2A Arena w Jasionce wr\u0119czono nagrody i wyr\u00f3\u017cnienia w najwa\u017cniejszych podkarpackich nagrodach biznesowych. Wydarzenie organizowane jest rokrocznie przez Centrum Promocji Biznesu przy wsp\u00f3\u0142pracy z Marsza\u0142kiem [&#8230;]\t\t\t\t\t<\/p>\n\t\t\t\t\t                    \n\t\t\t\t\t\n\t\t\t\t\t\n\t\t\t\t\t<\/div><!-- .box-text-inner -->\n\t\t\t\t\t<\/div><!-- .box-text -->\n\t\t\t\t\t\t\t\t\t\t\t\t\t\t\t\t<div class=\"badge absolute top post-date badge-square\">\n\t\t\t\t\t\t\t<div class=\"badge-inner\">\n\t\t\t\t\t\t\t\t<span class=\"post-date-day\">26<\/span><br>\n\t\t\t\t\t\t\t\t<span class=\"post-date-month is-xsmall\">pa\u017a<\/span>\n\t\t\t\t\t\t\t<\/div>\n\t\t\t\t\t\t<\/div>\n\t\t\t\t\t\t\t\t\t<\/div><!-- .box -->\n\t\t\t\t<\/a><!-- .link -->\n\t\t\t<\/div><!-- .col-inner -->\n\t\t<\/div><!-- .col -->\n\t\t<div class=\"col post-item\" >\n\t\t\t<div class=\"col-inner\">\n\t\t\t<a href=\"https:\/\/bryk.com.pl?p=19\" class=\"plain\">\n\t\t\t\t<div class=\"box box-text-bottom box-blog-post has-hover\">\n            \t\t\t\t\t<div class=\"box-image\" >\n  \t\t\t\t\t\t<div class=\"image-cover\" style=\"padding-top:180px;\">\n  \t\t\t\t\t\t\t<img loading=\"lazy\" decoding=\"async\" width=\"711\" height=\"400\" src=\"https:\/\/bryk.com.pl\/wp-content\/uploads\/2018\/09\/siedziba_new-711x400.jpg\" class=\"attachment-medium size-medium wp-post-image\" alt=\"nowa siedziba Bryk\" srcset=\"https:\/\/bryk.com.pl\/wp-content\/uploads\/2018\/09\/siedziba_new-711x400.jpg 711w, https:\/\/bryk.com.pl\/wp-content\/uploads\/2018\/09\/siedziba_new-768x432.jpg 768w, https:\/\/bryk.com.pl\/wp-content\/uploads\/2018\/09\/siedziba_new.jpg 1400w, https:\/\/bryk.com.pl\/wp-content\/uploads\/2018\/09\/siedziba_new-830x467.jpg 830w, https:\/\/bryk.com.pl\/wp-content\/uploads\/2018\/09\/siedziba_new-510x287.jpg 510w\" sizes=\"(max-width: 711px) 100vw, 711px\" \/>  \t\t\t\t\t\t\t  \t\t\t\t\t\t\t  \t\t\t\t\t\t<\/div>\n  \t\t\t\t\t\t  \t\t\t\t\t<\/div><!-- .box-image -->\n          \t\t\t\t\t<div class=\"box-text text-center\" >\n\t\t\t\t\t<div class=\"box-text-inner blog-post-inner\">\n\n\t\t\t\t\t\n\t\t\t\t\t\t\t\t\t\t<h5 class=\"post-title is-large \">Nowa siedziba<\/h5>\n\t\t\t\t\t\t\t\t\t\t<div class=\"is-divider\"><\/div>\n\t\t\t\t\t\t\t\t\t\t<p class=\"from_the_blog_excerpt \">Jest nam niezmiernie mi\u0142o zaprosi\u0107 Pa\u0144stwa do nowej siedziby firmy Bryk wybudowanej i oddanej do u\u017cytku na terenie nowoczesnej strefy przemys\u0142owej Jasionka k\/Rzeszowa, w s\u0105siedztwie mi\u0119dzynarodowego portu lotniczego i drogowego [&#8230;]\t\t\t\t\t<\/p>\n\t\t\t\t\t                    \n\t\t\t\t\t\n\t\t\t\t\t\n\t\t\t\t\t<\/div><!-- .box-text-inner -->\n\t\t\t\t\t<\/div><!-- .box-text -->\n\t\t\t\t\t\t\t\t\t\t\t\t\t\t\t\t<div class=\"badge absolute top post-date badge-square\">\n\t\t\t\t\t\t\t<div class=\"badge-inner\">\n\t\t\t\t\t\t\t\t<span class=\"post-date-day\">20<\/span><br>\n\t\t\t\t\t\t\t\t<span class=\"post-date-month is-xsmall\">cze<\/span>\n\t\t\t\t\t\t\t<\/div>\n\t\t\t\t\t\t<\/div>\n\t\t\t\t\t\t\t\t\t<\/div><!-- .box -->\n\t\t\t\t<\/a><!-- .link -->\n\t\t\t<\/div><!-- .col-inner -->\n\t\t<\/div><!-- .col -->\n\t\t<div class=\"col post-item\" >\n\t\t\t<div class=\"col-inner\">\n\t\t\t<a href=\"https:\/\/bryk.com.pl?p=20\" class=\"plain\">\n\t\t\t\t<div class=\"box box-text-bottom box-blog-post has-hover\">\n            \t\t\t\t\t<div class=\"box-image\" >\n  \t\t\t\t\t\t<div class=\"image-cover\" style=\"padding-top:180px;\">\n  \t\t\t\t\t\t\t<img loading=\"lazy\" decoding=\"async\" width=\"602\" height=\"400\" src=\"https:\/\/bryk.com.pl\/wp-content\/uploads\/2015\/10\/W10_7130-602x400.jpg\" class=\"attachment-medium size-medium wp-post-image\" alt=\"Odbior_nagrody_W.Bryk\" srcset=\"https:\/\/bryk.com.pl\/wp-content\/uploads\/2015\/10\/W10_7130-602x400.jpg 602w, https:\/\/bryk.com.pl\/wp-content\/uploads\/2015\/10\/W10_7130-768x510.jpg 768w, https:\/\/bryk.com.pl\/wp-content\/uploads\/2015\/10\/W10_7130-1204x800.jpg 1204w, https:\/\/bryk.com.pl\/wp-content\/uploads\/2015\/10\/W10_7130-830x551.jpg 830w, https:\/\/bryk.com.pl\/wp-content\/uploads\/2015\/10\/W10_7130-510x339.jpg 510w\" sizes=\"(max-width: 602px) 100vw, 602px\" \/>  \t\t\t\t\t\t\t  \t\t\t\t\t\t\t  \t\t\t\t\t\t<\/div>\n  \t\t\t\t\t\t  \t\t\t\t\t<\/div><!-- .box-image -->\n          \t\t\t\t\t<div class=\"box-text text-center\" >\n\t\t\t\t\t<div class=\"box-text-inner blog-post-inner\">\n\n\t\t\t\t\t\n\t\t\t\t\t\t\t\t\t\t<h5 class=\"post-title is-large \">Docenieni za liderstwo w regionie<\/h5>\n\t\t\t\t\t\t\t\t\t\t<div class=\"is-divider\"><\/div>\n\t\t\t\t\t\t\t\t\t\t<p class=\"from_the_blog_excerpt \">30 listopada 2017 roku po raz szesnasty odby\u0142a si\u0119 uroczysta Gala Konkursu \u201ePodkarpacka Nagroda Gospodarcza\u201d. Laureaci otrzymali nagrody i wyr\u00f3\u017cnienia w G2A Arena w Jasionce, jednym z laureat\u00f3w by\u0142a firma [&#8230;]\t\t\t\t\t<\/p>\n\t\t\t\t\t                    \n\t\t\t\t\t\n\t\t\t\t\t\n\t\t\t\t\t<\/div><!-- .box-text-inner -->\n\t\t\t\t\t<\/div><!-- .box-text -->\n\t\t\t\t\t\t\t\t\t\t\t\t\t\t\t\t<div class=\"badge absolute top post-date badge-square\">\n\t\t\t\t\t\t\t<div class=\"badge-inner\">\n\t\t\t\t\t\t\t\t<span class=\"post-date-day\">13<\/span><br>\n\t\t\t\t\t\t\t\t<span class=\"post-date-month is-xsmall\">cze<\/span>\n\t\t\t\t\t\t\t<\/div>\n\t\t\t\t\t\t<\/div>\n\t\t\t\t\t\t\t\t\t<\/div><!-- .box -->\n\t\t\t\t<\/a><!-- .link -->\n\t\t\t<\/div><!-- .col-inner -->\n\t\t<\/div><!-- .col -->\n\t\t<div class=\"col post-item\" >\n\t\t\t<div class=\"col-inner\">\n\t\t\t<a href=\"https:\/\/bryk.com.pl?p=2752\" class=\"plain\">\n\t\t\t\t<div class=\"box box-text-bottom box-blog-post has-hover\">\n            \t\t\t\t\t<div class=\"box-image\" >\n  \t\t\t\t\t\t<div class=\"image-cover\" style=\"padding-top:180px;\">\n  \t\t\t\t\t\t\t<img loading=\"lazy\" decoding=\"async\" width=\"711\" height=\"400\" src=\"https:\/\/bryk.com.pl\/wp-content\/uploads\/2018\/06\/news2017_1-711x400.jpg\" class=\"attachment-medium size-medium wp-post-image\" alt=\"PGN nagroda\" srcset=\"https:\/\/bryk.com.pl\/wp-content\/uploads\/2018\/06\/news2017_1-711x400.jpg 711w, https:\/\/bryk.com.pl\/wp-content\/uploads\/2018\/06\/news2017_1-768x432.jpg 768w, https:\/\/bryk.com.pl\/wp-content\/uploads\/2018\/06\/news2017_1-1400x788.jpg 1400w, https:\/\/bryk.com.pl\/wp-content\/uploads\/2018\/06\/news2017_1-830x467.jpg 830w, https:\/\/bryk.com.pl\/wp-content\/uploads\/2018\/06\/news2017_1-510x287.jpg 510w, https:\/\/bryk.com.pl\/wp-content\/uploads\/2018\/06\/news2017_1.jpg 2000w\" sizes=\"(max-width: 711px) 100vw, 711px\" \/>  \t\t\t\t\t\t\t  \t\t\t\t\t\t\t  \t\t\t\t\t\t<\/div>\n  \t\t\t\t\t\t  \t\t\t\t\t<\/div><!-- .box-image -->\n          \t\t\t\t\t<div class=\"box-text text-center\" >\n\t\t\t\t\t<div class=\"box-text-inner blog-post-inner\">\n\n\t\t\t\t\t\n\t\t\t\t\t\t\t\t\t\t<h5 class=\"post-title is-large \">Polska Nagroda Innowacyjno\u015bci 2017 \u2013 firma Bryk laureatem<\/h5>\n\t\t\t\t\t\t\t\t\t\t<div class=\"is-divider\"><\/div>\n\t\t\t\t\t\t\t\t\t\t<p class=\"from_the_blog_excerpt \">W dniach 26-27.10.2017 r., w Zielonej G\u00f3rze, odby\u0142 si\u0119 V Polski Kongres Przedsi\u0119biorczo\u015bci. Podczas kongresu dla najbardziej pr\u0119\u017cnych i innowacyjnych firm roku 2017, Polska Agencja Przedsi\u0119biorczo\u015bci oraz redakcja \u201eForum Przedsi\u0119biorczo\u015bci\u201d [&#8230;]\t\t\t\t\t<\/p>\n\t\t\t\t\t                    \n\t\t\t\t\t\n\t\t\t\t\t\n\t\t\t\t\t<\/div><!-- .box-text-inner -->\n\t\t\t\t\t<\/div><!-- .box-text -->\n\t\t\t\t\t\t\t\t\t\t\t\t\t\t\t\t<div class=\"badge absolute top post-date badge-square\">\n\t\t\t\t\t\t\t<div class=\"badge-inner\">\n\t\t\t\t\t\t\t\t<span class=\"post-date-day\">26<\/span><br>\n\t\t\t\t\t\t\t\t<span class=\"post-date-month is-xsmall\">pa\u017a<\/span>\n\t\t\t\t\t\t\t<\/div>\n\t\t\t\t\t\t<\/div>\n\t\t\t\t\t\t\t\t\t<\/div><!-- .box -->\n\t\t\t\t<\/a><!-- .link -->\n\t\t\t<\/div><!-- .col-inner -->\n\t\t<\/div><!-- .col -->\n\t\t<div class=\"col post-item\" >\n\t\t\t<div class=\"col-inner\">\n\t\t\t<a href=\"https:\/\/bryk.com.pl?p=18\" class=\"plain\">\n\t\t\t\t<div class=\"box box-text-bottom box-blog-post has-hover\">\n            \t\t\t\t\t<div class=\"box-image\" >\n  \t\t\t\t\t\t<div class=\"image-cover\" style=\"padding-top:180px;\">\n  \t\t\t\t\t\t\t<img loading=\"lazy\" decoding=\"async\" width=\"601\" height=\"400\" src=\"https:\/\/bryk.com.pl\/wp-content\/uploads\/2018\/06\/ostrzenie_art-601x400.jpg\" class=\"attachment-medium size-medium wp-post-image\" alt=\"ostrzenie_art\" srcset=\"https:\/\/bryk.com.pl\/wp-content\/uploads\/2018\/06\/ostrzenie_art-601x400.jpg 601w, https:\/\/bryk.com.pl\/wp-content\/uploads\/2018\/06\/ostrzenie_art-768x512.jpg 768w, https:\/\/bryk.com.pl\/wp-content\/uploads\/2018\/06\/ostrzenie_art.jpg 1201w, https:\/\/bryk.com.pl\/wp-content\/uploads\/2018\/06\/ostrzenie_art-830x553.jpg 830w, https:\/\/bryk.com.pl\/wp-content\/uploads\/2018\/06\/ostrzenie_art-510x340.jpg 510w\" sizes=\"(max-width: 601px) 100vw, 601px\" \/>  \t\t\t\t\t\t\t  \t\t\t\t\t\t\t  \t\t\t\t\t\t<\/div>\n  \t\t\t\t\t\t  \t\t\t\t\t<\/div><!-- .box-image -->\n          \t\t\t\t\t<div class=\"box-text text-center\" >\n\t\t\t\t\t<div class=\"box-text-inner blog-post-inner\">\n\n\t\t\t\t\t\n\t\t\t\t\t\t\t\t\t\t<h5 class=\"post-title is-large \">Narz\u0119dzia na miar\u0119 XXI wieku [WYWIAD]<\/h5>\n\t\t\t\t\t\t\t\t\t\t<div class=\"is-divider\"><\/div>\n\t\t\t\t\t\t\t\t\t\t<p class=\"from_the_blog_excerpt \">Firma Bryk nale\u017cy do wiod\u0105cych i najbardziej nowoczesnych zak\u0142ad\u00f3w produkuj\u0105cych narz\u0119dzia dla sektora meblarskiego, motoryzacyjnego i lotniczego w Polsce, kt\u00f3ry z powodzeniem realizuje za\u0142o\u017cenia przemys\u0142u 4.0. [&#8230;]\t\t\t\t\t<\/p>\n\t\t\t\t\t                    \n\t\t\t\t\t\n\t\t\t\t\t\n\t\t\t\t\t<\/div><!-- .box-text-inner -->\n\t\t\t\t\t<\/div><!-- .box-text -->\n\t\t\t\t\t\t\t\t\t\t\t\t\t\t\t\t<div class=\"badge absolute top post-date badge-square\">\n\t\t\t\t\t\t\t<div class=\"badge-inner\">\n\t\t\t\t\t\t\t\t<span class=\"post-date-day\">23<\/span><br>\n\t\t\t\t\t\t\t\t<span class=\"post-date-month is-xsmall\">cze<\/span>\n\t\t\t\t\t\t\t<\/div>\n\t\t\t\t\t\t<\/div>\n\t\t\t\t\t\t\t\t\t<\/div><!-- .box -->\n\t\t\t\t<\/a><!-- .link -->\n\t\t\t<\/div><!-- .col-inner -->\n\t\t<\/div><!-- .col -->\n<\/div>\t\t\t\t\t\t\t\t<\/div>\n\t\t\t\t<\/div>\n\t\t\t\t\t<\/div>\n\t\t<\/div>\n\t\t\t\t\t<\/div>\n\t\t<\/section>\n\t\t\t\t<\/div>\n\t\t","protected":false},"excerpt":{"rendered":"","protected":false},"author":24783,"featured_media":0,"parent":0,"menu_order":0,"comment_status":"closed","ping_status":"closed","template":"","meta":{"footnotes":""},"class_list":["post-92","page","type-page","status-publish","hentry"],"yoast_head":"<!-- This site is optimized with the Yoast SEO plugin v24.5 - https:\/\/yoast.com\/wordpress\/plugins\/seo\/ -->\n<title>Aktualno\u015bci - BRYK - LEAVE A PRECISE MARK<\/title>\n<meta name=\"robots\" content=\"index, follow, max-snippet:-1, max-image-preview:large, max-video-preview:-1\" \/>\n<link rel=\"canonical\" href=\"https:\/\/bryk.com.pl\/?page_id=92\" \/>\n<meta property=\"og:locale\" content=\"pl_PL\" \/>\n<meta property=\"og:type\" content=\"article\" \/>\n<meta property=\"og:title\" content=\"Aktualno\u015bci - BRYK - LEAVE A PRECISE MARK\" \/>\n<meta property=\"og:url\" content=\"https:\/\/bryk.com.pl\/?page_id=92\" \/>\n<meta property=\"og:site_name\" content=\"BRYK - LEAVE A PRECISE MARK\" \/>\n<meta property=\"article:publisher\" content=\"https:\/\/www.facebook.com\/ppuhbryk\/\" \/>\n<meta property=\"article:modified_time\" content=\"2025-08-04T12:59:11+00:00\" \/>\n<meta property=\"og:image\" content=\"https:\/\/bryk.com.pl\/wp-content\/uploads\/2020\/05\/logo.png\" \/>\n\t<meta property=\"og:image:width\" content=\"398\" \/>\n\t<meta property=\"og:image:height\" content=\"400\" \/>\n\t<meta property=\"og:image:type\" content=\"image\/png\" \/>\n<meta name=\"twitter:card\" content=\"summary_large_image\" \/>\n<meta name=\"twitter:label1\" content=\"Szacowany czas czytania\" \/>\n\t<meta name=\"twitter:data1\" content=\"6 minuty\" \/>\n<script type=\"application\/ld+json\" class=\"yoast-schema-graph\">{\"@context\":\"https:\/\/schema.org\",\"@graph\":[{\"@type\":\"WebPage\",\"@id\":\"https:\/\/bryk.com.pl\/?page_id=92\",\"url\":\"https:\/\/bryk.com.pl\/?page_id=92\",\"name\":\"Aktualno\u015bci - BRYK - LEAVE A PRECISE MARK\",\"isPartOf\":{\"@id\":\"https:\/\/bryk.com.pl\/#website\"},\"datePublished\":\"2013-08-11T17:17:44+00:00\",\"dateModified\":\"2025-08-04T12:59:11+00:00\",\"breadcrumb\":{\"@id\":\"https:\/\/bryk.com.pl\/?page_id=92#breadcrumb\"},\"inLanguage\":\"pl-PL\",\"potentialAction\":[{\"@type\":\"ReadAction\",\"target\":[\"https:\/\/bryk.com.pl\/?page_id=92\"]}]},{\"@type\":\"BreadcrumbList\",\"@id\":\"https:\/\/bryk.com.pl\/?page_id=92#breadcrumb\",\"itemListElement\":[{\"@type\":\"ListItem\",\"position\":1,\"name\":\"Strona g\u0142\u00f3wna\",\"item\":\"https:\/\/bryk.com.pl\/\"},{\"@type\":\"ListItem\",\"position\":2,\"name\":\"Aktualno\u015bci\"}]},{\"@type\":\"WebSite\",\"@id\":\"https:\/\/bryk.com.pl\/#website\",\"url\":\"https:\/\/bryk.com.pl\/\",\"name\":\"BRYK - LEAVE A PRECISE MARK\",\"description\":\"Polski producent narz\u0119dzi\",\"potentialAction\":[{\"@type\":\"SearchAction\",\"target\":{\"@type\":\"EntryPoint\",\"urlTemplate\":\"https:\/\/bryk.com.pl\/?s={search_term_string}\"},\"query-input\":{\"@type\":\"PropertyValueSpecification\",\"valueRequired\":true,\"valueName\":\"search_term_string\"}}],\"inLanguage\":\"pl-PL\"}]}<\/script>\n<!-- \/ Yoast SEO plugin. -->","yoast_head_json":{"title":"Aktualno\u015bci - BRYK - LEAVE A PRECISE MARK","robots":{"index":"index","follow":"follow","max-snippet":"max-snippet:-1","max-image-preview":"max-image-preview:large","max-video-preview":"max-video-preview:-1"},"canonical":"https:\/\/bryk.com.pl\/?page_id=92","og_locale":"pl_PL","og_type":"article","og_title":"Aktualno\u015bci - BRYK - LEAVE A PRECISE MARK","og_url":"https:\/\/bryk.com.pl\/?page_id=92","og_site_name":"BRYK - LEAVE A PRECISE MARK","article_publisher":"https:\/\/www.facebook.com\/ppuhbryk\/","article_modified_time":"2025-08-04T12:59:11+00:00","og_image":[{"width":398,"height":400,"url":"https:\/\/bryk.com.pl\/wp-content\/uploads\/2020\/05\/logo.png","type":"image\/png"}],"twitter_card":"summary_large_image","twitter_misc":{"Szacowany czas czytania":"6 minuty"},"schema":{"@context":"https:\/\/schema.org","@graph":[{"@type":"WebPage","@id":"https:\/\/bryk.com.pl\/?page_id=92","url":"https:\/\/bryk.com.pl\/?page_id=92","name":"Aktualno\u015bci - BRYK - LEAVE A PRECISE MARK","isPartOf":{"@id":"https:\/\/bryk.com.pl\/#website"},"datePublished":"2013-08-11T17:17:44+00:00","dateModified":"2025-08-04T12:59:11+00:00","breadcrumb":{"@id":"https:\/\/bryk.com.pl\/?page_id=92#breadcrumb"},"inLanguage":"pl-PL","potentialAction":[{"@type":"ReadAction","target":["https:\/\/bryk.com.pl\/?page_id=92"]}]},{"@type":"BreadcrumbList","@id":"https:\/\/bryk.com.pl\/?page_id=92#breadcrumb","itemListElement":[{"@type":"ListItem","position":1,"name":"Strona g\u0142\u00f3wna","item":"https:\/\/bryk.com.pl\/"},{"@type":"ListItem","position":2,"name":"Aktualno\u015bci"}]},{"@type":"WebSite","@id":"https:\/\/bryk.com.pl\/#website","url":"https:\/\/bryk.com.pl\/","name":"BRYK - LEAVE A PRECISE MARK","description":"Polski producent narz\u0119dzi","potentialAction":[{"@type":"SearchAction","target":{"@type":"EntryPoint","urlTemplate":"https:\/\/bryk.com.pl\/?s={search_term_string}"},"query-input":{"@type":"PropertyValueSpecification","valueRequired":true,"valueName":"search_term_string"}}],"inLanguage":"pl-PL"}]}},"_links":{"self":[{"href":"https:\/\/bryk.com.pl\/index.php?rest_route=\/wp\/v2\/pages\/92","targetHints":{"allow":["GET"]}}],"collection":[{"href":"https:\/\/bryk.com.pl\/index.php?rest_route=\/wp\/v2\/pages"}],"about":[{"href":"https:\/\/bryk.com.pl\/index.php?rest_route=\/wp\/v2\/types\/page"}],"author":[{"embeddable":true,"href":"https:\/\/bryk.com.pl\/index.php?rest_route=\/wp\/v2\/users\/24783"}],"replies":[{"embeddable":true,"href":"https:\/\/bryk.com.pl\/index.php?rest_route=%2Fwp%2Fv2%2Fcomments&post=92"}],"version-history":[{"count":14,"href":"https:\/\/bryk.com.pl\/index.php?rest_route=\/wp\/v2\/pages\/92\/revisions"}],"predecessor-version":[{"id":51615,"href":"https:\/\/bryk.com.pl\/index.php?rest_route=\/wp\/v2\/pages\/92\/revisions\/51615"}],"wp:attachment":[{"href":"https:\/\/bryk.com.pl\/index.php?rest_route=%2Fwp%2Fv2%2Fmedia&parent=92"}],"curies":[{"name":"wp","href":"https:\/\/api.w.org\/{rel}","templated":true}]}}